{"id":40809,"date":"2024-05-05T22:47:25","date_gmt":"2024-05-05T20:47:25","guid":{"rendered":"https:\/\/kilim-age.com\/?post_type=product&#038;p=40809"},"modified":"2025-06-14T13:47:58","modified_gmt":"2025-06-14T11:47:58","slug":"kilim-artesanal-exclusivo-de-turquia","status":"publish","type":"product","link":"https:\/\/kilim-age.com\/es\/producto\/kilim-artesanal-exclusivo-de-turquia\/","title":{"rendered":"Kilim cicim turco 191&#215;324 cm"},"content":{"rendered":"<strong>Kilim Artesanal Exclusivo de Turqu\u00eda 191&#215;324 cm &#8211; Tejido a Mano con Maestr\u00eda<\/strong><\/p>\n<p>Embellece tu espacio con nuestro exclusivo <strong>Kilim Turco Artesanal de Lana<\/strong>, una magn\u00edfica obra de arte textil de 191&#215;324 cm, creada por los m\u00e1s h\u00e1biles artesanos de Turqu\u00eda. Este kilim no solo aporta color y dise\u00f1o a cualquier entorno, sino que tambi\u00e9n cuenta la rica historia de la tradici\u00f3n tejedora turca.<\/p>\n<p><strong>Caracter\u00edsticas Principales:<\/strong><\/p>\n<ul>\n<li><strong>Paleta de Colores Vibrante<\/strong>: Este kilim se caracteriza por su rica combinaci\u00f3n de colores que incluye tonos de rojo, verde, naranja y amarillo, intercalados con detalles en blanco que aportan luz y contraste a los patrones complejos.<\/li>\n<li><strong>Dise\u00f1o Excepcional<\/strong>: Cada pieza es \u00fanica, con patrones que var\u00edan en complejidad desde l\u00edneas geom\u00e9tricas hasta motivos m\u00e1s abstractos y simb\u00f3licos, reflejando tanto la habilidad artesanal como la visi\u00f3n est\u00e9tica de sus creadores.<\/li>\n<li><strong>Calidad y Durabilidad Superior<\/strong>: Tejido exclusivamente con lana de alta calidad, este kilim es extremadamente duradero y est\u00e1 dise\u00f1ado para soportar el paso del tiempo, manteniendo su belleza y estructura incluso en \u00e1reas de alto tr\u00e1fico.<\/li>\n<\/ul>","protected":false},"excerpt":{"rendered":"<p>Hecho a mano<br \/>\nTama\u00f1o: 191&#215;324 cm<br \/>\nEstado: Nueva \/ Semi antigua Kilim<br \/>\nOrigen: Turqu\u00eda<br \/>\nMaterial: Lana natural<br \/>\nGrosor aprox: 1-2 mm<br \/>\nColores: Naturales<br \/>\nLos colores de la alfombra se percibir\u00e1n de formas diferentes dependiendo del \u00e1ngulo de visi\u00f3n<br \/>\nPlazo de entrega: 2-5 d\u00edas h\u00e1biles en Espa\u00f1a.<br \/>\nEuropa: 5-7 d\u00edas h\u00e1biles, resto de continentes 7-10 d\u00edas.<\/p>\n","protected":false},"featured_media":40810,"comment_status":"open","ping_status":"closed","template":"","meta":[],"product_brand":[],"product_cat":[61,829],"product_tag":[72],"class_list":{"0":"post-40809","1":"product","2":"type-product","3":"status-publish","4":"has-post-thumbnail","6":"product_cat-kilims","7":"product_cat-toda-la-coleccion-kilim","8":"product_tag-kilim","9":"product_shipping_class-kilim-grande","10":"pa_ancho-cm-969","11":"pa_ancho-cm-1006","12":"pa_color-naranja","13":"pa_color-rojo","14":"pa_color-verde","15":"pa_largo-cm-959","16":"pa_largo-cm-1032","18":"first","19":"instock","20":"sale","21":"sold-individually","22":"taxable","23":"shipping-taxable","24":"purchasable","25":"product-type-simple"},"yoast_head":"<!-- This site is optimized with the Yoast SEO plugin v24.8.1 - https:\/\/yoast.com\/wordpress\/plugins\/seo\/ -->\n<title>Kilim Artesanal Exclusivo de Turqu\u00eda | Kilim-Age | Tienda de Kilim Online<\/title>\n<meta name=\"description\" content=\"Kilim Artesanal Exclusivo de Turqu\u00eda.Embellece tu espacio con nuestro exclusivo Kilims Turcos Artesanales de Lana, una magn\u00edfica obra de arte.\" \/>\n<meta name=\"robots\" content=\"index, follow, max-snippet:-1, max-image-preview:large, max-video-preview:-1\" \/>\n<link rel=\"canonical\" href=\"https:\/\/www.kilim-age.com\/es\/producto\/kilim-artesanal-exclusivo-de-turquia\/\" \/>\n<meta property=\"og:locale\" content=\"es_ES\" \/>\n<meta property=\"og:type\" content=\"article\" \/>\n<meta property=\"og:title\" content=\"Kilim Artesanal Exclusivo de Turqu\u00eda | Kilim-Age | Tienda de Kilim Online\" \/>\n<meta property=\"og:description\" content=\"Kilim Artesanal Exclusivo de Turqu\u00eda.Embellece tu espacio con nuestro exclusivo Kilims Turcos Artesanales de Lana, una magn\u00edfica obra de arte.\" \/>\n<meta property=\"og:url\" content=\"https:\/\/www.kilim-age.com\/es\/producto\/kilim-artesanal-exclusivo-de-turquia\/\" \/>\n<meta property=\"og:site_name\" content=\"Kilim-Age\" \/>\n<meta property=\"article:modified_time\" content=\"2025-06-14T11:47:58+00:00\" \/>\n<meta property=\"og:image\" content=\"https:\/\/www.kilim-age.com\/wp-content\/uploads\/2024\/05\/IMG_KA3001.jpg\" \/>\n\t<meta property=\"og:image:width\" content=\"1000\" \/>\n\t<meta property=\"og:image:height\" content=\"1300\" \/>\n\t<meta property=\"og:image:type\" content=\"image\/jpeg\" \/>\n<meta name=\"twitter:card\" content=\"summary_large_image\" \/>\n<meta name=\"twitter:label1\" content=\"Tiempo de lectura\" \/>\n\t<meta name=\"twitter:data1\" content=\"1 minuto\" \/>\n<script type=\"application\/ld+json\" class=\"yoast-schema-graph\">{\"@context\":\"https:\/\/schema.org\",\"@graph\":[{\"@type\":\"WebPage\",\"@id\":\"https:\/\/www.kilim-age.com\/es\/producto\/kilim-artesanal-exclusivo-de-turquia\/\",\"url\":\"https:\/\/www.kilim-age.com\/es\/producto\/kilim-artesanal-exclusivo-de-turquia\/\",\"name\":\"Kilim Artesanal Exclusivo de Turqu\u00eda | Kilim-Age | Tienda de Kilim Online\",\"isPartOf\":{\"@id\":\"https:\/\/www.kilim-age.com\/es\/#website\"},\"primaryImageOfPage\":{\"@id\":\"https:\/\/www.kilim-age.com\/es\/producto\/kilim-artesanal-exclusivo-de-turquia\/#primaryimage\"},\"image\":{\"@id\":\"https:\/\/www.kilim-age.com\/es\/producto\/kilim-artesanal-exclusivo-de-turquia\/#primaryimage\"},\"thumbnailUrl\":\"https:\/\/kilim-age.com\/wp-content\/uploads\/2024\/05\/IMG_KA3001.jpg\",\"datePublished\":\"2024-05-05T20:47:25+00:00\",\"dateModified\":\"2025-06-14T11:47:58+00:00\",\"description\":\"Kilim Artesanal Exclusivo de Turqu\u00eda.Embellece tu espacio con nuestro exclusivo Kilims Turcos Artesanales de Lana, una magn\u00edfica obra de arte.\",\"breadcrumb\":{\"@id\":\"https:\/\/www.kilim-age.com\/es\/producto\/kilim-artesanal-exclusivo-de-turquia\/#breadcrumb\"},\"inLanguage\":\"es\",\"potentialAction\":[{\"@type\":\"ReadAction\",\"target\":[\"https:\/\/www.kilim-age.com\/es\/producto\/kilim-artesanal-exclusivo-de-turquia\/\"]}]},{\"@type\":\"ImageObject\",\"inLanguage\":\"es\",\"@id\":\"https:\/\/www.kilim-age.com\/es\/producto\/kilim-artesanal-exclusivo-de-turquia\/#primaryimage\",\"url\":\"https:\/\/kilim-age.com\/wp-content\/uploads\/2024\/05\/IMG_KA3001.jpg\",\"contentUrl\":\"https:\/\/kilim-age.com\/wp-content\/uploads\/2024\/05\/IMG_KA3001.jpg\",\"width\":1000,\"height\":1300},{\"@type\":\"BreadcrumbList\",\"@id\":\"https:\/\/www.kilim-age.com\/es\/producto\/kilim-artesanal-exclusivo-de-turquia\/#breadcrumb\",\"itemListElement\":[{\"@type\":\"ListItem\",\"position\":1,\"name\":\"Home\",\"item\":\"https:\/\/www.kilim-age.com\/es\/\"},{\"@type\":\"ListItem\",\"position\":2,\"name\":\"Shop\",\"item\":\"https:\/\/www.kilim-age.com\/es\/shop\/\"},{\"@type\":\"ListItem\",\"position\":3,\"name\":\"Kilim cicim turco 191&#215;324 cm\"}]},{\"@type\":\"WebSite\",\"@id\":\"https:\/\/www.kilim-age.com\/es\/#website\",\"url\":\"https:\/\/www.kilim-age.com\/es\/\",\"name\":\"Kilim-Age\",\"description\":\"Somos especialistas en productos artesanales de Turqu\u00eda como Alfombras, y Kilims\",\"potentialAction\":[{\"@type\":\"SearchAction\",\"target\":{\"@type\":\"EntryPoint\",\"urlTemplate\":\"https:\/\/www.kilim-age.com\/es\/?s={search_term_string}\"},\"query-input\":{\"@type\":\"PropertyValueSpecification\",\"valueRequired\":true,\"valueName\":\"search_term_string\"}}],\"inLanguage\":\"es\"}]}<\/script>\n<!-- \/ Yoast SEO plugin. -->","yoast_head_json":{"title":"Kilim Artesanal Exclusivo de Turqu\u00eda | Kilim-Age | Tienda de Kilim Online","description":"Kilim Artesanal Exclusivo de Turqu\u00eda.Embellece tu espacio con nuestro exclusivo Kilims Turcos Artesanales de Lana, una magn\u00edfica obra de arte.","robots":{"index":"index","follow":"follow","max-snippet":"max-snippet:-1","max-image-preview":"max-image-preview:large","max-video-preview":"max-video-preview:-1"},"canonical":"https:\/\/www.kilim-age.com\/es\/producto\/kilim-artesanal-exclusivo-de-turquia\/","og_locale":"es_ES","og_type":"article","og_title":"Kilim Artesanal Exclusivo de Turqu\u00eda | Kilim-Age | Tienda de Kilim Online","og_description":"Kilim Artesanal Exclusivo de Turqu\u00eda.Embellece tu espacio con nuestro exclusivo Kilims Turcos Artesanales de Lana, una magn\u00edfica obra de arte.","og_url":"https:\/\/www.kilim-age.com\/es\/producto\/kilim-artesanal-exclusivo-de-turquia\/","og_site_name":"Kilim-Age","article_modified_time":"2025-06-14T11:47:58+00:00","og_image":[{"width":1000,"height":1300,"url":"https:\/\/www.kilim-age.com\/wp-content\/uploads\/2024\/05\/IMG_KA3001.jpg","type":"image\/jpeg"}],"twitter_card":"summary_large_image","twitter_misc":{"Tiempo de lectura":"1 minuto"},"schema":{"@context":"https:\/\/schema.org","@graph":[{"@type":"WebPage","@id":"https:\/\/www.kilim-age.com\/es\/producto\/kilim-artesanal-exclusivo-de-turquia\/","url":"https:\/\/www.kilim-age.com\/es\/producto\/kilim-artesanal-exclusivo-de-turquia\/","name":"Kilim Artesanal Exclusivo de Turqu\u00eda | Kilim-Age | Tienda de Kilim Online","isPartOf":{"@id":"https:\/\/www.kilim-age.com\/es\/#website"},"primaryImageOfPage":{"@id":"https:\/\/www.kilim-age.com\/es\/producto\/kilim-artesanal-exclusivo-de-turquia\/#primaryimage"},"image":{"@id":"https:\/\/www.kilim-age.com\/es\/producto\/kilim-artesanal-exclusivo-de-turquia\/#primaryimage"},"thumbnailUrl":"https:\/\/kilim-age.com\/wp-content\/uploads\/2024\/05\/IMG_KA3001.jpg","datePublished":"2024-05-05T20:47:25+00:00","dateModified":"2025-06-14T11:47:58+00:00","description":"Kilim Artesanal Exclusivo de Turqu\u00eda.Embellece tu espacio con nuestro exclusivo Kilims Turcos Artesanales de Lana, una magn\u00edfica obra de arte.","breadcrumb":{"@id":"https:\/\/www.kilim-age.com\/es\/producto\/kilim-artesanal-exclusivo-de-turquia\/#breadcrumb"},"inLanguage":"es","potentialAction":[{"@type":"ReadAction","target":["https:\/\/www.kilim-age.com\/es\/producto\/kilim-artesanal-exclusivo-de-turquia\/"]}]},{"@type":"ImageObject","inLanguage":"es","@id":"https:\/\/www.kilim-age.com\/es\/producto\/kilim-artesanal-exclusivo-de-turquia\/#primaryimage","url":"https:\/\/kilim-age.com\/wp-content\/uploads\/2024\/05\/IMG_KA3001.jpg","contentUrl":"https:\/\/kilim-age.com\/wp-content\/uploads\/2024\/05\/IMG_KA3001.jpg","width":1000,"height":1300},{"@type":"BreadcrumbList","@id":"https:\/\/www.kilim-age.com\/es\/producto\/kilim-artesanal-exclusivo-de-turquia\/#breadcrumb","itemListElement":[{"@type":"ListItem","position":1,"name":"Home","item":"https:\/\/www.kilim-age.com\/es\/"},{"@type":"ListItem","position":2,"name":"Shop","item":"https:\/\/www.kilim-age.com\/es\/shop\/"},{"@type":"ListItem","position":3,"name":"Kilim cicim turco 191&#215;324 cm"}]},{"@type":"WebSite","@id":"https:\/\/www.kilim-age.com\/es\/#website","url":"https:\/\/www.kilim-age.com\/es\/","name":"Kilim-Age","description":"Somos especialistas en productos artesanales de Turqu\u00eda como Alfombras, y Kilims","potentialAction":[{"@type":"SearchAction","target":{"@type":"EntryPoint","urlTemplate":"https:\/\/www.kilim-age.com\/es\/?s={search_term_string}"},"query-input":{"@type":"PropertyValueSpecification","valueRequired":true,"valueName":"search_term_string"}}],"inLanguage":"es"}]}},"_links":{"self":[{"href":"https:\/\/kilim-age.com\/es\/wp-json\/wp\/v2\/product\/40809","targetHints":{"allow":["GET"]}}],"collection":[{"href":"https:\/\/kilim-age.com\/es\/wp-json\/wp\/v2\/product"}],"about":[{"href":"https:\/\/kilim-age.com\/es\/wp-json\/wp\/v2\/types\/product"}],"replies":[{"embeddable":true,"href":"https:\/\/kilim-age.com\/es\/wp-json\/wp\/v2\/comments?post=40809"}],"wp:featuredmedia":[{"embeddable":true,"href":"https:\/\/kilim-age.com\/es\/wp-json\/wp\/v2\/media\/40810"}],"wp:attachment":[{"href":"https:\/\/kilim-age.com\/es\/wp-json\/wp\/v2\/media?parent=40809"}],"wp:term":[{"taxonomy":"product_brand","embeddable":true,"href":"https:\/\/kilim-age.com\/es\/wp-json\/wp\/v2\/product_brand?post=40809"},{"taxonomy":"product_cat","embeddable":true,"href":"https:\/\/kilim-age.com\/es\/wp-json\/wp\/v2\/product_cat?post=40809"},{"taxonomy":"product_tag","embeddable":true,"href":"https:\/\/kilim-age.com\/es\/wp-json\/wp\/v2\/product_tag?post=40809"}],"curies":[{"name":"wp","href":"https:\/\/api.w.org\/{rel}","templated":true}]}}