{"id":1958,"date":"2017-05-12T10:57:55","date_gmt":"2017-05-12T10:57:55","guid":{"rendered":"http:\/\/kilim-age.com\/?page_id=1958"},"modified":"2018-04-09T11:07:55","modified_gmt":"2018-04-09T11:07:55","slug":"lamparas-turcas-de-techo","status":"publish","type":"page","link":"https:\/\/kilim-age.com\/en\/lamparas-turcas-de-techo\/","title":{"rendered":"L\u00e1mparas turcas de techo"},"content":{"rendered":"<p class=\"qtranxs-available-languages-message qtranxs-available-languages-message-en\">Sorry, this entry is only available in <a href=\"https:\/\/kilim-age.com\/es\/wp-json\/wp\/v2\/pages\/1958\" class=\"qtranxs-available-language-link qtranxs-available-language-link-es\" title=\"Espa\u00f1ol\">Espa\u00f1ol<\/a>.<\/p><h1 style=\"font-size: 2.2em; color: rgba(77,183,179,0.54);\"><strong>L\u00e1mparas turcas de techo<\/strong><\/h1>\n<p><img fetchpriority=\"high\" decoding=\"async\" class=\"alignright wp-image-1961 size-medium\" src=\"http:\/\/kilim-age.com\/wp-content\/uploads\/2017\/05\/lamparas-turcas-de-techo-240x400.jpg\" alt=\"Lamparas turcas de techo\" title=\"Lamparas turcas de techo\" width=\"240\" height=\"400\" srcset=\"https:\/\/kilim-age.com\/wp-content\/uploads\/2017\/05\/lamparas-turcas-de-techo-240x400.jpg 240w, https:\/\/kilim-age.com\/wp-content\/uploads\/2017\/05\/lamparas-turcas-de-techo-180x300.jpg 180w, https:\/\/kilim-age.com\/wp-content\/uploads\/2017\/05\/lamparas-turcas-de-techo.jpg 360w\" sizes=\"(max-width: 240px) 100vw, 240px\" \/>Si est\u00e1s interesado en la posibilidad de instalar <strong>l\u00e1mparas turcas de techo<\/strong> en tu hogar, has llegado al comercio especializado que te lo pone m\u00e1s f\u00e1cil que nunca para disfrutar del car\u00e1cter tan atractivo que puedes obtener a partir de una fuente de iluminaci\u00f3n con uno de estos dise\u00f1os ex\u00f3ticos, enraizados en una apreciada tradici\u00f3n. Podemos proporcionarte las l\u00e1mparas turcas que deseas, d\u00e1ndote a elegir entre una notable variedad de modelos, porque somos aut\u00e9nticos expertos en su comercializaci\u00f3n, que se suma a una oferta imponente de art\u00edculos decorativos procedentes de aquellas tierras.<\/p>\n<p>An\u00edmate a examinar toda la gama de <strong>l\u00e1mparas colgantes turcas<\/strong> que te proponemos, con la certeza de que cualquier elecci\u00f3n que realices llevar\u00e1 a tu vivienda un art\u00edculo de verdadera calidad artesana, con una iluminaci\u00f3n de caracter\u00edsticas inimitables. No est\u00e1 de m\u00e1s recordar que con nuestra tienda online es realmente sencillo hacer tu encargo y olvidarte de desplazamientos y quebraderos de cabeza a la hora de reunir los elementos decorativos que cumplan con lo que deseas. Una vez seleccionado el modelo que te interese, realizar tu pago ser\u00e1 \u00e1gil y seguro, y en pocos d\u00edas recibir\u00e1s tu pedido sin complicaciones en la direcci\u00f3n que nos indiques.<\/p>\n<h2 style=\"color: rgba(77,183,179,0.54);\"><strong>L\u00e1mparas turcas de techo y mucho m\u00e1s para tu casa<\/strong><\/h2>\n<p>Las mismas accesibles condiciones son aplicables a todo un cat\u00e1logo en el que las l\u00e1mparas conviven con la selecci\u00f3n m\u00e1s genuina y sorprendente de <a title=\"alfombras de lana hechas a mano\" href=\"http:\/\/kilim-age.com\/alfombras-de-lana-hechas-a-mano\/\">alfombras de lana hechas a mano<\/a>, con el mismo encanto de la tradici\u00f3n turca. Descubre toda la variedad de modelos que tenemos disponible, d\u00e1ndote la oportunidad de reunir las mejores bases para la decoraci\u00f3n que ans\u00edas para cualquier estancia especial, y no dejes de echar un vistazo a nuestra fant\u00e1stica selecci\u00f3n de tapetes, bolsos y <a title=\"cojines de kilim\" href=\"http:\/\/kilim-age.com\/cojines-kilim\/\">cojines de kilim<\/a>, con los que ponemos en valor todo el encanto de esta t\u00e9cnica tan especial.<\/p>\n<hr\/>\n<h2 style=\"color: rgba(77,183,179,0.54);\"><strong>Contacta con nosotros<\/strong><\/h2>\n\n<div class=\"wpcf7 no-js\" id=\"wpcf7-f6132-o1\" lang=\"en-US\" dir=\"ltr\" data-wpcf7-id=\"6132\">\n<div class=\"screen-reader-response\"><p role=\"status\" aria-live=\"polite\" aria-atomic=\"true\"><\/p> <ul><\/ul><\/div>\n<form action=\"\/en\/wp-json\/wp\/v2\/pages\/1958#wpcf7-f6132-o1\" method=\"post\" class=\"wpcf7-form init\" aria-label=\"Contact form\" novalidate=\"novalidate\" data-status=\"init\">\n<div style=\"display: none;\">\n<input type=\"hidden\" name=\"_wpcf7\" value=\"6132\" \/>\n<input type=\"hidden\" name=\"_wpcf7_version\" value=\"6.0.5\" \/>\n<input type=\"hidden\" name=\"_wpcf7_locale\" value=\"en_US\" \/>\n<input type=\"hidden\" name=\"_wpcf7_unit_tag\" value=\"wpcf7-f6132-o1\" \/>\n<input type=\"hidden\" name=\"_wpcf7_container_post\" value=\"0\" \/>\n<input type=\"hidden\" name=\"_wpcf7_posted_data_hash\" value=\"\" \/>\n<input type=\"hidden\" name=\"_wpcf7_recaptcha_response\" value=\"\" \/>\n<\/div>\n<p><label>Tu nombre (requerido)<\/label><br \/>\n<span class=\"wpcf7-form-control-wrap\" data-name=\"your-name\"><input size=\"40\" maxlength=\"400\" class=\"wpcf7-form-control wpcf7-text wpcf7-validates-as-required\" aria-required=\"true\" aria-invalid=\"false\" value=\"\" type=\"text\" name=\"your-name\" \/><\/span>\n<\/p>\n<p><label>Tu email (requerido)<\/label><br \/>\n<span class=\"wpcf7-form-control-wrap\" data-name=\"your-email\"><input size=\"40\" maxlength=\"400\" class=\"wpcf7-form-control wpcf7-email wpcf7-validates-as-required wpcf7-text wpcf7-validates-as-email\" aria-required=\"true\" aria-invalid=\"false\" value=\"\" type=\"email\" name=\"your-email\" \/><\/span>\n<\/p>\n<p><label>Tu mensaje (requerido)<\/label><br \/>\n<span class=\"wpcf7-form-control-wrap\" data-name=\"your-message\"><textarea cols=\"40\" rows=\"10\" maxlength=\"2000\" class=\"wpcf7-form-control wpcf7-textarea\" aria-invalid=\"false\" name=\"your-message\"><\/textarea><\/span>\n<\/p>\n<p><input class=\"wpcf7-form-control wpcf7-submit has-spinner button\" type=\"submit\" value=\"Enviar\" \/>\n<\/p><input type='hidden' class='wpcf7-pum' value='{\"closepopup\":false,\"closedelay\":0,\"openpopup\":false,\"openpopup_id\":0}' \/><div class=\"wpcf7-response-output\" aria-hidden=\"true\"><\/div>\n<\/form>\n<\/div>","protected":false},"excerpt":{"rendered":"<p>Sorry, this entry is only available in Espa\u00f1ol.L\u00e1mparas turcas de techo Si est\u00e1s interesado en la posibilidad de instalar l\u00e1mparas turcas de techo en tu hogar, has llegado al comercio especializado que te lo pone m\u00e1s f\u00e1cil que nunca para disfrutar del car\u00e1cter tan atractivo que puedes obtener a partir de una fuente de iluminaci\u00f3n [&#8230;]\n","protected":false},"author":1,"featured_media":0,"parent":0,"menu_order":0,"comment_status":"closed","ping_status":"closed","template":"","meta":{"footnotes":""},"class_list":["post-1958","page","type-page","status-publish","hentry"],"yoast_head":"<!-- This site is optimized with the Yoast SEO plugin v24.8.1 - https:\/\/yoast.com\/wordpress\/plugins\/seo\/ -->\n<title>L\u00e1mparas turcas de techo | Kilim Age<\/title>\n<meta name=\"description\" content=\"Visita nuestra web para ver la gran variedad de l\u00e1mparas turcas de techo, entre otros productos artesanales turcos de los que disponemos en nuestro cat\u00e1logo. \u00a1Haz tu pedido ya!\" \/>\n<meta name=\"robots\" content=\"index, follow, max-snippet:-1, max-image-preview:large, max-video-preview:-1\" \/>\n<link rel=\"canonical\" href=\"https:\/\/kilim-age.com\/en\/lamparas-turcas-de-techo\/\" \/>\n<meta property=\"og:locale\" content=\"en_US\" \/>\n<meta property=\"og:type\" content=\"article\" \/>\n<meta property=\"og:title\" content=\"L\u00e1mparas turcas de techo | Kilim Age\" \/>\n<meta property=\"og:description\" content=\"Visita nuestra web para ver la gran variedad de l\u00e1mparas turcas de techo, entre otros productos artesanales turcos de los que disponemos en nuestro cat\u00e1logo. \u00a1Haz tu pedido ya!\" \/>\n<meta property=\"og:url\" content=\"https:\/\/kilim-age.com\/es\/lamparas-turcas-de-techo\/\" \/>\n<meta property=\"og:site_name\" content=\"Kilim-Age\" \/>\n<meta property=\"article:modified_time\" content=\"2018-04-09T11:07:55+00:00\" \/>\n<meta property=\"og:image\" content=\"http:\/\/kilim-age.com\/wp-content\/uploads\/2017\/05\/lamparas-turcas-de-techo-240x400.jpg\" \/>\n<meta name=\"twitter:card\" content=\"summary_large_image\" \/>\n<meta name=\"twitter:label1\" content=\"Est. reading time\" \/>\n\t<meta name=\"twitter:data1\" content=\"2 minutes\" \/>\n<script type=\"application\/ld+json\" class=\"yoast-schema-graph\">{\"@context\":\"https:\/\/schema.org\",\"@graph\":[{\"@type\":\"WebPage\",\"@id\":\"https:\/\/kilim-age.com\/es\/lamparas-turcas-de-techo\/\",\"url\":\"https:\/\/kilim-age.com\/es\/lamparas-turcas-de-techo\/\",\"name\":\"L\u00e1mparas turcas de techo | Kilim Age\",\"isPartOf\":{\"@id\":\"https:\/\/kilim-age.com\/es\/#website\"},\"primaryImageOfPage\":{\"@id\":\"https:\/\/kilim-age.com\/es\/lamparas-turcas-de-techo\/#primaryimage\"},\"image\":{\"@id\":\"https:\/\/kilim-age.com\/es\/lamparas-turcas-de-techo\/#primaryimage\"},\"thumbnailUrl\":\"http:\/\/kilim-age.com\/wp-content\/uploads\/2017\/05\/lamparas-turcas-de-techo-240x400.jpg\",\"datePublished\":\"2017-05-12T10:57:55+00:00\",\"dateModified\":\"2018-04-09T11:07:55+00:00\",\"description\":\"Visita nuestra web para ver la gran variedad de l\u00e1mparas turcas de techo, entre otros productos artesanales turcos de los que disponemos en nuestro cat\u00e1logo. \u00a1Haz tu pedido ya!\",\"breadcrumb\":{\"@id\":\"https:\/\/kilim-age.com\/es\/lamparas-turcas-de-techo\/#breadcrumb\"},\"inLanguage\":\"en-US\",\"potentialAction\":[{\"@type\":\"ReadAction\",\"target\":[\"https:\/\/kilim-age.com\/es\/lamparas-turcas-de-techo\/\"]}]},{\"@type\":\"ImageObject\",\"inLanguage\":\"en-US\",\"@id\":\"https:\/\/kilim-age.com\/es\/lamparas-turcas-de-techo\/#primaryimage\",\"url\":\"http:\/\/kilim-age.com\/wp-content\/uploads\/2017\/05\/lamparas-turcas-de-techo-240x400.jpg\",\"contentUrl\":\"http:\/\/kilim-age.com\/wp-content\/uploads\/2017\/05\/lamparas-turcas-de-techo-240x400.jpg\"},{\"@type\":\"BreadcrumbList\",\"@id\":\"https:\/\/kilim-age.com\/es\/lamparas-turcas-de-techo\/#breadcrumb\",\"itemListElement\":[{\"@type\":\"ListItem\",\"position\":1,\"name\":\"Home\",\"item\":\"https:\/\/kilim-age.com\/es\/\"},{\"@type\":\"ListItem\",\"position\":2,\"name\":\"L\u00e1mparas turcas de techo\"}]},{\"@type\":\"WebSite\",\"@id\":\"https:\/\/kilim-age.com\/es\/#website\",\"url\":\"https:\/\/kilim-age.com\/es\/\",\"name\":\"Kilim-Age\",\"description\":\"Somos especialistas en productos artesanales de Turqu\u00eda como Alfombras, y Kilims\",\"potentialAction\":[{\"@type\":\"SearchAction\",\"target\":{\"@type\":\"EntryPoint\",\"urlTemplate\":\"https:\/\/kilim-age.com\/es\/?s={search_term_string}\"},\"query-input\":{\"@type\":\"PropertyValueSpecification\",\"valueRequired\":true,\"valueName\":\"search_term_string\"}}],\"inLanguage\":\"en-US\"}]}<\/script>\n<!-- \/ Yoast SEO plugin. -->","yoast_head_json":{"title":"L\u00e1mparas turcas de techo | Kilim Age","description":"Visita nuestra web para ver la gran variedad de l\u00e1mparas turcas de techo, entre otros productos artesanales turcos de los que disponemos en nuestro cat\u00e1logo. \u00a1Haz tu pedido ya!","robots":{"index":"index","follow":"follow","max-snippet":"max-snippet:-1","max-image-preview":"max-image-preview:large","max-video-preview":"max-video-preview:-1"},"canonical":"https:\/\/kilim-age.com\/en\/lamparas-turcas-de-techo\/","og_locale":"en_US","og_type":"article","og_title":"L\u00e1mparas turcas de techo | Kilim Age","og_description":"Visita nuestra web para ver la gran variedad de l\u00e1mparas turcas de techo, entre otros productos artesanales turcos de los que disponemos en nuestro cat\u00e1logo. \u00a1Haz tu pedido ya!","og_url":"https:\/\/kilim-age.com\/es\/lamparas-turcas-de-techo\/","og_site_name":"Kilim-Age","article_modified_time":"2018-04-09T11:07:55+00:00","og_image":[{"url":"http:\/\/kilim-age.com\/wp-content\/uploads\/2017\/05\/lamparas-turcas-de-techo-240x400.jpg","type":"","width":"","height":""}],"twitter_card":"summary_large_image","twitter_misc":{"Est. reading time":"2 minutes"},"schema":{"@context":"https:\/\/schema.org","@graph":[{"@type":"WebPage","@id":"https:\/\/kilim-age.com\/es\/lamparas-turcas-de-techo\/","url":"https:\/\/kilim-age.com\/es\/lamparas-turcas-de-techo\/","name":"L\u00e1mparas turcas de techo | Kilim Age","isPartOf":{"@id":"https:\/\/kilim-age.com\/es\/#website"},"primaryImageOfPage":{"@id":"https:\/\/kilim-age.com\/es\/lamparas-turcas-de-techo\/#primaryimage"},"image":{"@id":"https:\/\/kilim-age.com\/es\/lamparas-turcas-de-techo\/#primaryimage"},"thumbnailUrl":"http:\/\/kilim-age.com\/wp-content\/uploads\/2017\/05\/lamparas-turcas-de-techo-240x400.jpg","datePublished":"2017-05-12T10:57:55+00:00","dateModified":"2018-04-09T11:07:55+00:00","description":"Visita nuestra web para ver la gran variedad de l\u00e1mparas turcas de techo, entre otros productos artesanales turcos de los que disponemos en nuestro cat\u00e1logo. \u00a1Haz tu pedido ya!","breadcrumb":{"@id":"https:\/\/kilim-age.com\/es\/lamparas-turcas-de-techo\/#breadcrumb"},"inLanguage":"en-US","potentialAction":[{"@type":"ReadAction","target":["https:\/\/kilim-age.com\/es\/lamparas-turcas-de-techo\/"]}]},{"@type":"ImageObject","inLanguage":"en-US","@id":"https:\/\/kilim-age.com\/es\/lamparas-turcas-de-techo\/#primaryimage","url":"http:\/\/kilim-age.com\/wp-content\/uploads\/2017\/05\/lamparas-turcas-de-techo-240x400.jpg","contentUrl":"http:\/\/kilim-age.com\/wp-content\/uploads\/2017\/05\/lamparas-turcas-de-techo-240x400.jpg"},{"@type":"BreadcrumbList","@id":"https:\/\/kilim-age.com\/es\/lamparas-turcas-de-techo\/#breadcrumb","itemListElement":[{"@type":"ListItem","position":1,"name":"Home","item":"https:\/\/kilim-age.com\/es\/"},{"@type":"ListItem","position":2,"name":"L\u00e1mparas turcas de techo"}]},{"@type":"WebSite","@id":"https:\/\/kilim-age.com\/es\/#website","url":"https:\/\/kilim-age.com\/es\/","name":"Kilim-Age","description":"Somos especialistas en productos artesanales de Turqu\u00eda como Alfombras, y Kilims","potentialAction":[{"@type":"SearchAction","target":{"@type":"EntryPoint","urlTemplate":"https:\/\/kilim-age.com\/es\/?s={search_term_string}"},"query-input":{"@type":"PropertyValueSpecification","valueRequired":true,"valueName":"search_term_string"}}],"inLanguage":"en-US"}]}},"_links":{"self":[{"href":"https:\/\/kilim-age.com\/en\/wp-json\/wp\/v2\/pages\/1958","targetHints":{"allow":["GET"]}}],"collection":[{"href":"https:\/\/kilim-age.com\/en\/wp-json\/wp\/v2\/pages"}],"about":[{"href":"https:\/\/kilim-age.com\/en\/wp-json\/wp\/v2\/types\/page"}],"author":[{"embeddable":true,"href":"https:\/\/kilim-age.com\/en\/wp-json\/wp\/v2\/users\/1"}],"replies":[{"embeddable":true,"href":"https:\/\/kilim-age.com\/en\/wp-json\/wp\/v2\/comments?post=1958"}],"version-history":[{"count":0,"href":"https:\/\/kilim-age.com\/en\/wp-json\/wp\/v2\/pages\/1958\/revisions"}],"wp:attachment":[{"href":"https:\/\/kilim-age.com\/en\/wp-json\/wp\/v2\/media?parent=1958"}],"curies":[{"name":"wp","href":"https:\/\/api.w.org\/{rel}","templated":true}]}}